{"id":148,"date":"2024-05-16T17:39:52","date_gmt":"2024-05-16T17:39:52","guid":{"rendered":"https:\/\/nachograf.mx\/?page_id=148"},"modified":"2024-07-17T03:08:10","modified_gmt":"2024-07-17T03:08:10","slug":"planeacion-y-diseno-urbano","status":"publish","type":"page","link":"https:\/\/nachograf.mx\/index.php\/planeacion-y-diseno-urbano\/","title":{"rendered":"PLANEACI\u00d3N Y DISE\u00d1O URBANO"},"content":{"rendered":"<section class=\"l-section wpb_row height_medium\"><div class=\"l-section-h i-cf\"><div class=\"g-cols vc_row via_grid cols_1 laptops-cols_inherit tablets-cols_inherit mobiles-cols_1 valign_top type_default stacking_default\"><div class=\"wpb_column vc_column_container\"><div class=\"vc_column-inner\"><h2 class=\"w-text\"><span class=\"w-text-h\"><span class=\"w-text-value\">PLANEACI\u00d3N<br \/>\nY DISE\u00d1O URBANO.<\/span><\/span><\/h2><div class=\"wpb_text_column\"><div class=\"wpb_wrapper\"><p style=\"font-weight: 400;\">La planeaci\u00f3n es quiz\u00e1 la fase m\u00e1s importante en el <em>ciclo de vida <\/em>de los proyectos. Desde una adecuada identificaci\u00f3n y caracterizaci\u00f3n del territorio y sus comunidades, hasta la determinaci\u00f3n de los alcances, calendario, costos, actores y sectores involucrados, as\u00ed como todos los requerimientos necesarios para la adecuada implementaci\u00f3n de los Proyectos.<\/p>\n<p style=\"font-weight: 400;\">De ah\u00ed los estudios de diversas escalas y orientaciones, que puedan diagnosticar, prospectar, y determinar las estrategias y proyectos necesarios que enmarquen el desarrollo de un territorio y su comunidad.<\/p>\n<p style=\"font-weight: 400;\">\u00c9sta, la comunidad en su mayor expresi\u00f3n posible, debe ser parte indisoluble de los procesos. Porque ella es la que conoce mejor sus potenciales y problem\u00e1ticas; y a su vez, las posibles soluciones.<\/p>\n<\/div><\/div><div class=\"w-separator us_custom_bf81054c size_medium with_line width_default thick_2 style_solid color_primary align_center\"><div class=\"w-separator-h\"><\/div><\/div><div class=\"w-grid type_grid layout_blog_1 cols_3\" id=\"us_grid_1\" style=\"--gap:1.5rem;\" data-filterable=\"true\"><style>@media (max-width:1024px){#us_grid_1 .w-grid-item{width:50%}}@media (max-width:600px){#us_grid_1 .w-grid-list{margin:0}#us_grid_1 .w-grid-item{width:100%;padding:0;margin-bottom:var(--gap,0px)}}.layout_blog_1 .w-grid-item-h{}.layout_blog_1 .usg_post_image_1{margin-bottom:0.5rem!important}.layout_blog_1 .usg_post_title_1{font-size:1rem!important}<\/style><div class=\"w-grid-list\">\t<article class=\"w-grid-item size_1x1 post-99 us_portfolio type-us_portfolio status-publish has-post-thumbnail hentry us_portfolio_category-planeacion-y-diseno-urbano\" data-id=\"99\">\r\n\t\t<div class=\"w-grid-item-h\">\r\n\t\t\t\t\t\t<div class=\"w-post-elm post_image usg_post_image_1 stretched\"><a href=\"https:\/\/nachograf.mx\/index.php\/portfolio\/pau-tlahuac\/\" aria-label=\"PAU TL\u00c1HUAC\"><img loading=\"lazy\" decoding=\"async\" width=\"400\" height=\"400\" src=\"https:\/\/nachograf.mx\/wp-content\/uploads\/2024\/05\/Portada_pau_tlahuac-400x400.webp\" class=\"attachment-us_400_400_crop size-us_400_400_crop wp-post-image\" alt=\"\" srcset=\"https:\/\/nachograf.mx\/wp-content\/uploads\/2024\/05\/Portada_pau_tlahuac-400x400.webp 400w, https:\/\/nachograf.mx\/wp-content\/uploads\/2024\/05\/Portada_pau_tlahuac-300x300.webp 300w, https:\/\/nachograf.mx\/wp-content\/uploads\/2024\/05\/Portada_pau_tlahuac-150x150.webp 150w, https:\/\/nachograf.mx\/wp-content\/uploads\/2024\/05\/Portada_pau_tlahuac-600x600.webp 600w, https:\/\/nachograf.mx\/wp-content\/uploads\/2024\/05\/Portada_pau_tlahuac.webp 800w\" sizes=\"auto, (max-width: 400px) 100vw, 400px\" \/><\/a><\/div><h2 class=\"w-post-elm post_title usg_post_title_1 entry-title color_link_inherit\"><a href=\"https:\/\/nachograf.mx\/index.php\/portfolio\/pau-tlahuac\/\">PAU TL\u00c1HUAC<\/a><\/h2>\t\t<\/div>\r\n\t\t\t<\/article>\r\n\t<article class=\"w-grid-item size_1x1 post-85 us_portfolio type-us_portfolio status-publish has-post-thumbnail hentry us_portfolio_category-planeacion-y-diseno-urbano\" data-id=\"85\">\r\n\t\t<div class=\"w-grid-item-h\">\r\n\t\t\t\t\t\t<div class=\"w-post-elm post_image usg_post_image_1 stretched\"><a href=\"https:\/\/nachograf.mx\/index.php\/portfolio\/proyectos-de-paisaje-y-espacio-publico-plan-maestro-vallejo-i\/\" aria-label=\"PROYECTOS DE PAISAJE Y ESPACIO P\u00daBLICO PLAN MAESTRO VALLEJO-i.\"><img loading=\"lazy\" decoding=\"async\" width=\"400\" height=\"400\" src=\"https:\/\/nachograf.mx\/wp-content\/uploads\/2024\/05\/portada_plan-maestro-vallejo-400x400.webp\" class=\"attachment-us_400_400_crop size-us_400_400_crop wp-post-image\" alt=\"\" srcset=\"https:\/\/nachograf.mx\/wp-content\/uploads\/2024\/05\/portada_plan-maestro-vallejo-400x400.webp 400w, https:\/\/nachograf.mx\/wp-content\/uploads\/2024\/05\/portada_plan-maestro-vallejo-300x300.webp 300w, https:\/\/nachograf.mx\/wp-content\/uploads\/2024\/05\/portada_plan-maestro-vallejo-150x150.webp 150w, https:\/\/nachograf.mx\/wp-content\/uploads\/2024\/05\/portada_plan-maestro-vallejo-600x600.webp 600w, https:\/\/nachograf.mx\/wp-content\/uploads\/2024\/05\/portada_plan-maestro-vallejo.webp 800w\" sizes=\"auto, (max-width: 400px) 100vw, 400px\" \/><\/a><\/div><h2 class=\"w-post-elm post_title usg_post_title_1 entry-title color_link_inherit\"><a href=\"https:\/\/nachograf.mx\/index.php\/portfolio\/proyectos-de-paisaje-y-espacio-publico-plan-maestro-vallejo-i\/\">PROYECTOS DE PAISAJE Y ESPACIO P\u00daBLICO PLAN MAESTRO VALLEJO-i.<\/a><\/h2>\t\t<\/div>\r\n\t\t\t<\/article>\r\n<\/div><div class=\"w-grid-preloader\">\t<div class=\"g-preloader type_1\">\r\n\t\t<div><\/div>\r\n\t<\/div>\r\n\t<\/div>\t<div class=\"w-grid-json hidden\" onclick='return {&quot;action&quot;:&quot;us_ajax_grid&quot;,&quot;infinite_scroll&quot;:0,&quot;max_num_pages&quot;:1,&quot;pagination&quot;:&quot;none&quot;,&quot;template_vars&quot;:{&quot;columns&quot;:&quot;3&quot;,&quot;exclude_items&quot;:&quot;none&quot;,&quot;img_size&quot;:&quot;us_400_400_crop&quot;,&quot;ignore_items_size&quot;:0,&quot;items_layout&quot;:&quot;blog_1&quot;,&quot;items_offset&quot;:&quot;1&quot;,&quot;load_animation&quot;:&quot;none&quot;,&quot;overriding_link&quot;:&quot;%7B%22url%22%3A%22%22%7D&quot;,&quot;post_id&quot;:0,&quot;query_args&quot;:{&quot;post_type&quot;:[&quot;us_portfolio&quot;],&quot;tax_query&quot;:[{&quot;taxonomy&quot;:&quot;us_portfolio_category&quot;,&quot;field&quot;:&quot;slug&quot;,&quot;terms&quot;:[&quot;planeacion-y-diseno-urbano&quot;]}],&quot;post_status&quot;:[&quot;publish&quot;],&quot;posts_per_page&quot;:&quot;10&quot;},&quot;orderby_query_args&quot;:{&quot;orderby&quot;:{&quot;date&quot;:&quot;DESC&quot;}},&quot;type&quot;:&quot;grid&quot;,&quot;us_grid_post_type&quot;:&quot;us_portfolio&quot;,&quot;us_grid_ajax_index&quot;:1,&quot;us_grid_filter_params&quot;:[],&quot;us_grid_index&quot;:1,&quot;page_args&quot;:[]}}'><\/div>\r\n\t<\/div><section class=\"l-section wpb_row height_auto width_full\" id=\"contacto\"><div class=\"l-section-h i-cf\"><div class=\"g-cols vc_row via_grid cols_1 laptops-cols_inherit tablets-cols_inherit mobiles-cols_1 valign_top type_default stacking_default\"><div class=\"wpb_column vc_column_container\"><div class=\"vc_column-inner\"><div class=\"w-separator size_small with_line width_default thick_1 style_solid color_border align_center\"><div class=\"w-separator-h\"><\/div><\/div><h4 class=\"w-text us_custom_a5c88937\"><span class=\"w-text-h\"><span class=\"w-text-value\">PROYECTOS POR CATEGOR\u00cdA<\/span><\/span><\/h4><div class=\"uavc-list-icon uavc-list-icon-wrapper ult-adjust-bottom-margin   \"><ul class=\"uavc-list\"><li><div class=\"uavc-list-content\" id=\"list-icon-wrap-1617\">\n<div class=\"uavc-list-icon  \" data-animation=\"\" data-animation-delay=\"03\" style=\"margin-right:5px;\"><div class=\"ult-just-icon-wrapper  \"><div class=\"align-icon\" style=\"text-align:center;\">\n<div class=\"aio-icon none \"  style=\"color:#333333;font-size:15px;display:inline-block;\">\n\t<i class=\"Defaults-minus\"><\/i>\n<\/div><\/div><\/div>\n<\/div><span  data-ultimate-target='#list-icon-wrap-1617 .uavc-list-desc'  data-responsive-json-new='{\"font-size\":\"\",\"line-height\":\"\"}'  class=\"uavc-list-desc ult-responsive\" style=\"\"><a href=\"https:\/\/nachograf.mx\/index.php\/planeacion-y-diseno-urbano\/\">PLANEACI\u00d3N Y DISE\u00d1O URBANO<\/a><\/span><\/div><\/li><li><div class=\"uavc-list-content\" id=\"list-icon-wrap-2307\">\n<div class=\"uavc-list-icon  \" data-animation=\"\" data-animation-delay=\"03\" style=\"margin-right:5px;\"><div class=\"ult-just-icon-wrapper  \"><div class=\"align-icon\" style=\"text-align:center;\">\n<div class=\"aio-icon none \"  style=\"color:#333333;font-size:15px;display:inline-block;\">\n\t<i class=\"Defaults-minus\"><\/i>\n<\/div><\/div><\/div>\n<\/div><span  data-ultimate-target='#list-icon-wrap-2307 .uavc-list-desc'  data-responsive-json-new='{\"font-size\":\"\",\"line-height\":\"\"}'  class=\"uavc-list-desc ult-responsive\" style=\"\"><a href=\"https:\/\/nachograf.mx\/index.php\/diseno-de-paisaje-y-espacio-publico\/\">DISE\u00d1O DE PAISAJE Y ESPACIO P\u00daBLICO<\/a><\/span><\/div><\/li><li><div class=\"uavc-list-content\" id=\"list-icon-wrap-8451\">\n<div class=\"uavc-list-icon  \" data-animation=\"\" data-animation-delay=\"03\" style=\"margin-right:5px;\"><div class=\"ult-just-icon-wrapper  \"><div class=\"align-icon\" style=\"text-align:center;\">\n<div class=\"aio-icon none \"  style=\"color:#333333;font-size:15px;display:inline-block;\">\n\t<i class=\"Defaults-minus\"><\/i>\n<\/div><\/div><\/div>\n<\/div><span  data-ultimate-target='#list-icon-wrap-8451 .uavc-list-desc'  data-responsive-json-new='{\"font-size\":\"\",\"line-height\":\"\"}'  class=\"uavc-list-desc ult-responsive\" style=\"\"><a href=\"https:\/\/nachograf.mx\/index.php\/infraestructura-y-equipamiento-social\/\">INFRAESTRUCTURA Y EQUIPAMIENTO SOCIAL<\/a><\/span><\/div><\/li><li><div class=\"uavc-list-content\" id=\"list-icon-wrap-8019\">\n<div class=\"uavc-list-icon  \" data-animation=\"\" data-animation-delay=\"03\" style=\"margin-right:5px;\"><div class=\"ult-just-icon-wrapper  \"><div class=\"align-icon\" style=\"text-align:center;\">\n<div class=\"aio-icon none \"  style=\"color:#333333;font-size:15px;display:inline-block;\">\n\t<i class=\"Defaults-minus\"><\/i>\n<\/div><\/div><\/div>\n<\/div><span  data-ultimate-target='#list-icon-wrap-8019 .uavc-list-desc'  data-responsive-json-new='{\"font-size\":\"\",\"line-height\":\"\"}'  class=\"uavc-list-desc ult-responsive\" style=\"\"><a href=\"https:\/\/nachograf.mx\/index.php\/diseno-arquitectonico-y-vivienda\/\">VIVIENDA<\/a><\/span><\/div><\/li><\/ul><\/div><div class=\"w-separator size_small with_line width_default thick_1 style_solid color_border align_center\"><div class=\"w-separator-h\"><\/div><\/div><h4 class=\"w-text\"><span class=\"w-text-h\"><span class=\"w-text-value\">CONTACTO<\/span><\/span><\/h4><div class=\"wpb_text_column\"><div class=\"wpb_wrapper\"><p>A la orden para conocer los detalles de tu proyecto. Platiquemos:<\/p>\n<\/div><\/div><div class=\"w-separator size_small\"><\/div><div class=\"uavc-list-icon uavc-list-icon-wrapper ult-adjust-bottom-margin   \"><ul class=\"uavc-list\"><li><div class=\"uavc-list-content\" id=\"list-icon-wrap-6359\">\n<div class=\"uavc-list-icon  \" data-animation=\"\" data-animation-delay=\"03\" style=\"margin-right:20px;\"><div class=\"ult-just-icon-wrapper  \"><div class=\"align-icon\" style=\"text-align:center;\">\n<div class=\"aio-icon none \"  style=\"color:#333333;font-size:20px;display:inline-block;\">\n\t<i class=\"Defaults-envelope-o\"><\/i>\n<\/div><\/div><\/div>\n<\/div><span  data-ultimate-target='#list-icon-wrap-6359 .uavc-list-desc'  data-responsive-json-new='{\"font-size\":\"\",\"line-height\":\"\"}'  class=\"uavc-list-desc ult-responsive\" style=\"\"><a href=\"mailto:contacto@nachograf.mx\">contacto@nachograf.mx<\/a><\/span><\/div><\/li><li><div class=\"uavc-list-content\" id=\"list-icon-wrap-9905\">\n<div class=\"uavc-list-icon  \" data-animation=\"\" data-animation-delay=\"03\" style=\"margin-right:20px;\"><div class=\"ult-just-icon-wrapper  \"><div class=\"align-icon\" style=\"text-align:center;\">\n<div class=\"aio-icon none \"  style=\"color:#333333;font-size:20px;display:inline-block;\">\n\t<i class=\"Defaults-whatsapp\"><\/i>\n<\/div><\/div><\/div>\n<\/div><span  data-ultimate-target='#list-icon-wrap-9905 .uavc-list-desc'  data-responsive-json-new='{\"font-size\":\"\",\"line-height\":\"\"}'  class=\"uavc-list-desc ult-responsive\" style=\"\">+52 55 2775 8560<\/span><\/div><\/li><\/ul><\/div><\/div><\/div><\/div><\/div><\/section>\n<\/div><\/div><\/div><\/div><\/section>\n","protected":false},"excerpt":{"rendered":"Regresar a proyectosPLANEACI\u00d3N Y DISE\u00d1O URBANO.PLAN MAESTRO VALLEJO-iLos proyectos estrat\u00e9gicos de paisaje y espacio p\u00fablico promueven una imagen urbana de mayor legibilidad y mayor calidad y aportan espacios p\u00fablicos efectivos para mejorar el tejido social. \u2022 La propuesta se centra en la ganancia de espacio para incrementar la dotaci\u00f3n de \u00e1reas verdes p\u00fablicas mediante la...","protected":false},"author":1,"featured_media":145,"parent":0,"menu_order":0,"comment_status":"closed","ping_status":"closed","template":"","meta":{"om_disable_all_campaigns":false,"_monsterinsights_skip_tracking":false,"_monsterinsights_sitenote_active":false,"_monsterinsights_sitenote_note":"","_monsterinsights_sitenote_category":0,"footnotes":""},"class_list":["post-148","page","type-page","status-publish","has-post-thumbnail","hentry"],"_links":{"self":[{"href":"https:\/\/nachograf.mx\/index.php\/wp-json\/wp\/v2\/pages\/148","targetHints":{"allow":["GET"]}}],"collection":[{"href":"https:\/\/nachograf.mx\/index.php\/wp-json\/wp\/v2\/pages"}],"about":[{"href":"https:\/\/nachograf.mx\/index.php\/wp-json\/wp\/v2\/types\/page"}],"author":[{"embeddable":true,"href":"https:\/\/nachograf.mx\/index.php\/wp-json\/wp\/v2\/users\/1"}],"replies":[{"embeddable":true,"href":"https:\/\/nachograf.mx\/index.php\/wp-json\/wp\/v2\/comments?post=148"}],"version-history":[{"count":11,"href":"https:\/\/nachograf.mx\/index.php\/wp-json\/wp\/v2\/pages\/148\/revisions"}],"predecessor-version":[{"id":630,"href":"https:\/\/nachograf.mx\/index.php\/wp-json\/wp\/v2\/pages\/148\/revisions\/630"}],"wp:featuredmedia":[{"embeddable":true,"href":"https:\/\/nachograf.mx\/index.php\/wp-json\/wp\/v2\/media\/145"}],"wp:attachment":[{"href":"https:\/\/nachograf.mx\/index.php\/wp-json\/wp\/v2\/media?parent=148"}],"curies":[{"name":"wp","href":"https:\/\/api.w.org\/{rel}","templated":true}]}}