{"id":197,"date":"2024-05-16T19:38:38","date_gmt":"2024-05-16T19:38:38","guid":{"rendered":"https:\/\/nachograf.mx\/?page_id=197"},"modified":"2024-07-17T03:08:44","modified_gmt":"2024-07-17T03:08:44","slug":"diseno-de-paisaje-y-espacio-publico","status":"publish","type":"page","link":"https:\/\/nachograf.mx\/index.php\/diseno-de-paisaje-y-espacio-publico\/","title":{"rendered":"DISE\u00d1O DE PAISAJE Y ESPACIO P\u00daBLICO"},"content":{"rendered":"<section class=\"l-section wpb_row height_medium\"><div class=\"l-section-h i-cf\"><div class=\"g-cols vc_row via_grid cols_1 laptops-cols_inherit tablets-cols_inherit mobiles-cols_1 valign_top type_default stacking_default\"><div class=\"wpb_column vc_column_container\"><div class=\"vc_column-inner\"><h2 class=\"w-text\"><span class=\"w-text-h\"><span class=\"w-text-value\">DISE\u00d1O DE PAISAJE<br \/>\nY ESPACIO P\u00daBLICO<\/span><\/span><\/h2><div class=\"wpb_text_column\"><div class=\"wpb_wrapper\"><p style=\"font-weight: 400;\">La conformaci\u00f3n y transformaci\u00f3n del paisaje, en su m\u00e1s amplio sentido, puede y debe ser dise\u00f1ado. Siempre ha sido as\u00ed, desde los primeros asentamientos humanos hasta ahora, con un car\u00e1cter m\u00e1s formal.<\/p>\n<p style=\"font-weight: 400;\">Enti\u00e9ndase al Paisaje como el entorno natural y construido que se observa. Pero as\u00ed tambi\u00e9n, se transforma. Con la misma mirada, la que lo entiende, define, lo conserva y luego, habiendo dominado lo anterior, evoluciona.<\/p>\n<p style=\"font-weight: 400;\">Y hoy tambi\u00e9n, no se puede entender un paisaje disociado entre la natural y lo construido. El paisaje es uno, el contexto ser\u00e1 distinto. Hasta la \u00faltima fase, la tutela del mismo.<\/p>\n<\/div><\/div><div class=\"w-separator us_custom_bf81054c size_medium with_line width_default thick_2 style_solid color_primary align_center\"><div class=\"w-separator-h\"><\/div><\/div><div class=\"w-grid type_grid layout_blog_1 cols_3\" id=\"us_grid_1\" style=\"--gap:1.5rem;\" data-filterable=\"true\"><style>@media (max-width:1024px){#us_grid_1 .w-grid-item{width:50%}}@media (max-width:600px){#us_grid_1 .w-grid-list{margin:0}#us_grid_1 .w-grid-item{width:100%;padding:0;margin-bottom:var(--gap,0px)}}.layout_blog_1 .w-grid-item-h{}.layout_blog_1 .usg_post_image_1{margin-bottom:0.5rem!important}.layout_blog_1 .usg_post_title_1{font-size:1rem!important}<\/style><div class=\"w-grid-list\">\t<article class=\"w-grid-item size_1x1 post-728 us_portfolio type-us_portfolio status-publish has-post-thumbnail hentry us_portfolio_category-diseno-de-paisaje-y-espacio-publico\" data-id=\"728\">\r\n\t\t<div class=\"w-grid-item-h\">\r\n\t\t\t\t\t\t<div class=\"w-post-elm post_image usg_post_image_1 stretched\"><a href=\"https:\/\/nachograf.mx\/index.php\/portfolio\/espacio-publico-con-cancha-multifuncional\/\" aria-label=\"ESPACIO P\u00daBLICO CON CANCHA MULTIFUNCIONAL\"><img loading=\"lazy\" decoding=\"async\" width=\"400\" height=\"400\" src=\"https:\/\/nachograf.mx\/wp-content\/uploads\/2025\/07\/EP-cancha-multifuncional_02-400x400.webp\" class=\"attachment-us_400_400_crop size-us_400_400_crop wp-post-image\" alt=\"\" srcset=\"https:\/\/nachograf.mx\/wp-content\/uploads\/2025\/07\/EP-cancha-multifuncional_02-400x400.webp 400w, https:\/\/nachograf.mx\/wp-content\/uploads\/2025\/07\/EP-cancha-multifuncional_02-150x150.webp 150w, https:\/\/nachograf.mx\/wp-content\/uploads\/2025\/07\/EP-cancha-multifuncional_02-600x600.webp 600w\" sizes=\"auto, (max-width: 400px) 100vw, 400px\" \/><\/a><\/div><h2 class=\"w-post-elm post_title usg_post_title_1 entry-title color_link_inherit\"><a href=\"https:\/\/nachograf.mx\/index.php\/portfolio\/espacio-publico-con-cancha-multifuncional\/\">ESPACIO P\u00daBLICO CON CANCHA MULTIFUNCIONAL<\/a><\/h2>\t\t<\/div>\r\n\t\t\t<\/article>\r\n\t<article class=\"w-grid-item size_1x1 post-130 us_portfolio type-us_portfolio status-publish has-post-thumbnail hentry us_portfolio_category-diseno-de-paisaje-y-espacio-publico\" data-id=\"130\">\r\n\t\t<div class=\"w-grid-item-h\">\r\n\t\t\t\t\t\t<div class=\"w-post-elm post_image usg_post_image_1 stretched\"><a href=\"https:\/\/nachograf.mx\/index.php\/portfolio\/plaza-acasico\/\" aria-label=\"PLAZA ACASICO\"><img loading=\"lazy\" decoding=\"async\" width=\"400\" height=\"400\" src=\"https:\/\/nachograf.mx\/wp-content\/uploads\/2024\/05\/Portada_acasico-400x400.webp\" class=\"attachment-us_400_400_crop size-us_400_400_crop wp-post-image\" alt=\"\" srcset=\"https:\/\/nachograf.mx\/wp-content\/uploads\/2024\/05\/Portada_acasico-400x400.webp 400w, https:\/\/nachograf.mx\/wp-content\/uploads\/2024\/05\/Portada_acasico-300x300.webp 300w, https:\/\/nachograf.mx\/wp-content\/uploads\/2024\/05\/Portada_acasico-150x150.webp 150w, https:\/\/nachograf.mx\/wp-content\/uploads\/2024\/05\/Portada_acasico-600x600.webp 600w, https:\/\/nachograf.mx\/wp-content\/uploads\/2024\/05\/Portada_acasico.webp 800w\" sizes=\"auto, (max-width: 400px) 100vw, 400px\" \/><\/a><\/div><h2 class=\"w-post-elm post_title usg_post_title_1 entry-title color_link_inherit\"><a href=\"https:\/\/nachograf.mx\/index.php\/portfolio\/plaza-acasico\/\">PLAZA ACASICO<\/a><\/h2>\t\t<\/div>\r\n\t\t\t<\/article>\r\n\t<article class=\"w-grid-item size_1x1 post-126 us_portfolio type-us_portfolio status-publish has-post-thumbnail hentry us_portfolio_category-diseno-de-paisaje-y-espacio-publico\" data-id=\"126\">\r\n\t\t<div class=\"w-grid-item-h\">\r\n\t\t\t\t\t\t<div class=\"w-post-elm post_image usg_post_image_1 stretched\"><a href=\"https:\/\/nachograf.mx\/index.php\/portfolio\/calles-temacapulin\/\" aria-label=\"CALLES TEMACAPULIN\"><img loading=\"lazy\" decoding=\"async\" width=\"400\" height=\"400\" src=\"https:\/\/nachograf.mx\/wp-content\/uploads\/2024\/05\/portada_temacapulin-400x400.webp\" class=\"attachment-us_400_400_crop size-us_400_400_crop wp-post-image\" alt=\"\" srcset=\"https:\/\/nachograf.mx\/wp-content\/uploads\/2024\/05\/portada_temacapulin-400x400.webp 400w, https:\/\/nachograf.mx\/wp-content\/uploads\/2024\/05\/portada_temacapulin-300x300.webp 300w, https:\/\/nachograf.mx\/wp-content\/uploads\/2024\/05\/portada_temacapulin-150x150.webp 150w, https:\/\/nachograf.mx\/wp-content\/uploads\/2024\/05\/portada_temacapulin-600x600.webp 600w, https:\/\/nachograf.mx\/wp-content\/uploads\/2024\/05\/portada_temacapulin.webp 800w\" sizes=\"auto, (max-width: 400px) 100vw, 400px\" \/><\/a><\/div><h2 class=\"w-post-elm post_title usg_post_title_1 entry-title color_link_inherit\"><a href=\"https:\/\/nachograf.mx\/index.php\/portfolio\/calles-temacapulin\/\">CALLES TEMACAPULIN<\/a><\/h2>\t\t<\/div>\r\n\t\t\t<\/article>\r\n\t<article class=\"w-grid-item size_1x1 post-122 us_portfolio type-us_portfolio status-publish has-post-thumbnail hentry us_portfolio_category-diseno-de-paisaje-y-espacio-publico\" data-id=\"122\">\r\n\t\t<div class=\"w-grid-item-h\">\r\n\t\t\t\t\t\t<div class=\"w-post-elm post_image usg_post_image_1 stretched\"><a href=\"https:\/\/nachograf.mx\/index.php\/portfolio\/estaciones-tren-maya-izamal-y-maxcanu\/\" aria-label=\"ESTACIONES TREN MAYA (Izamal y Maxcan\u00fa)\"><img loading=\"lazy\" decoding=\"async\" width=\"400\" height=\"400\" src=\"https:\/\/nachograf.mx\/wp-content\/uploads\/2024\/05\/portada_tren_maya-400x400.webp\" class=\"attachment-us_400_400_crop size-us_400_400_crop wp-post-image\" alt=\"\" srcset=\"https:\/\/nachograf.mx\/wp-content\/uploads\/2024\/05\/portada_tren_maya-400x400.webp 400w, https:\/\/nachograf.mx\/wp-content\/uploads\/2024\/05\/portada_tren_maya-300x300.webp 300w, https:\/\/nachograf.mx\/wp-content\/uploads\/2024\/05\/portada_tren_maya-150x150.webp 150w, https:\/\/nachograf.mx\/wp-content\/uploads\/2024\/05\/portada_tren_maya-600x600.webp 600w, https:\/\/nachograf.mx\/wp-content\/uploads\/2024\/05\/portada_tren_maya.webp 800w\" sizes=\"auto, (max-width: 400px) 100vw, 400px\" \/><\/a><\/div><h2 class=\"w-post-elm post_title usg_post_title_1 entry-title color_link_inherit\"><a href=\"https:\/\/nachograf.mx\/index.php\/portfolio\/estaciones-tren-maya-izamal-y-maxcanu\/\">ESTACIONES TREN MAYA (Izamal y Maxcan\u00fa)<\/a><\/h2>\t\t<\/div>\r\n\t\t\t<\/article>\r\n\t<article class=\"w-grid-item size_1x1 post-119 us_portfolio type-us_portfolio status-publish has-post-thumbnail hentry us_portfolio_category-diseno-de-paisaje-y-espacio-publico\" data-id=\"119\">\r\n\t\t<div class=\"w-grid-item-h\">\r\n\t\t\t\t\t\t<div class=\"w-post-elm post_image usg_post_image_1 stretched\"><a href=\"https:\/\/nachograf.mx\/index.php\/portfolio\/parque-bicentenario\/\" aria-label=\"PARQUE BICENTENARIO\"><img loading=\"lazy\" decoding=\"async\" width=\"400\" height=\"400\" src=\"https:\/\/nachograf.mx\/wp-content\/uploads\/2024\/05\/portada_bicentenario-400x400.webp\" class=\"attachment-us_400_400_crop size-us_400_400_crop wp-post-image\" alt=\"\" srcset=\"https:\/\/nachograf.mx\/wp-content\/uploads\/2024\/05\/portada_bicentenario-400x400.webp 400w, https:\/\/nachograf.mx\/wp-content\/uploads\/2024\/05\/portada_bicentenario-300x300.webp 300w, https:\/\/nachograf.mx\/wp-content\/uploads\/2024\/05\/portada_bicentenario-150x150.webp 150w, https:\/\/nachograf.mx\/wp-content\/uploads\/2024\/05\/portada_bicentenario-600x600.webp 600w, https:\/\/nachograf.mx\/wp-content\/uploads\/2024\/05\/portada_bicentenario.webp 800w\" sizes=\"auto, (max-width: 400px) 100vw, 400px\" \/><\/a><\/div><h2 class=\"w-post-elm post_title usg_post_title_1 entry-title color_link_inherit\"><a href=\"https:\/\/nachograf.mx\/index.php\/portfolio\/parque-bicentenario\/\">PARQUE BICENTENARIO<\/a><\/h2>\t\t<\/div>\r\n\t\t\t<\/article>\r\n\t<article class=\"w-grid-item size_1x1 post-49 us_portfolio type-us_portfolio status-publish has-post-thumbnail hentry us_portfolio_category-diseno-de-paisaje-y-espacio-publico\" data-id=\"49\">\r\n\t\t<div class=\"w-grid-item-h\">\r\n\t\t\t\t\t\t<div class=\"w-post-elm post_image usg_post_image_1 stretched\"><a href=\"https:\/\/nachograf.mx\/index.php\/portfolio\/las-pozas\/\" aria-label=\"LAS POZAS\"><img loading=\"lazy\" decoding=\"async\" width=\"400\" height=\"400\" src=\"https:\/\/nachograf.mx\/wp-content\/uploads\/2024\/05\/Las_pozas_portada-400x400.webp\" class=\"attachment-us_400_400_crop size-us_400_400_crop wp-post-image\" alt=\"\" srcset=\"https:\/\/nachograf.mx\/wp-content\/uploads\/2024\/05\/Las_pozas_portada-400x400.webp 400w, https:\/\/nachograf.mx\/wp-content\/uploads\/2024\/05\/Las_pozas_portada-300x300.webp 300w, https:\/\/nachograf.mx\/wp-content\/uploads\/2024\/05\/Las_pozas_portada-150x150.webp 150w, https:\/\/nachograf.mx\/wp-content\/uploads\/2024\/05\/Las_pozas_portada-600x600.webp 600w, https:\/\/nachograf.mx\/wp-content\/uploads\/2024\/05\/Las_pozas_portada.webp 800w\" sizes=\"auto, (max-width: 400px) 100vw, 400px\" \/><\/a><\/div><h2 class=\"w-post-elm post_title usg_post_title_1 entry-title color_link_inherit\"><a href=\"https:\/\/nachograf.mx\/index.php\/portfolio\/las-pozas\/\">LAS POZAS<\/a><\/h2>\t\t<\/div>\r\n\t\t\t<\/article>\r\n<\/div><div class=\"w-grid-preloader\">\t<div class=\"g-preloader type_1\">\r\n\t\t<div><\/div>\r\n\t<\/div>\r\n\t<\/div>\t<div class=\"w-grid-json hidden\" onclick='return {&quot;action&quot;:&quot;us_ajax_grid&quot;,&quot;infinite_scroll&quot;:0,&quot;max_num_pages&quot;:1,&quot;pagination&quot;:&quot;none&quot;,&quot;template_vars&quot;:{&quot;columns&quot;:&quot;3&quot;,&quot;exclude_items&quot;:&quot;none&quot;,&quot;img_size&quot;:&quot;us_400_400_crop&quot;,&quot;ignore_items_size&quot;:0,&quot;items_layout&quot;:&quot;blog_1&quot;,&quot;items_offset&quot;:&quot;1&quot;,&quot;load_animation&quot;:&quot;none&quot;,&quot;overriding_link&quot;:&quot;%7B%22url%22%3A%22%22%7D&quot;,&quot;post_id&quot;:0,&quot;query_args&quot;:{&quot;post_type&quot;:[&quot;us_portfolio&quot;],&quot;tax_query&quot;:[{&quot;taxonomy&quot;:&quot;us_portfolio_category&quot;,&quot;field&quot;:&quot;slug&quot;,&quot;terms&quot;:[&quot;diseno-de-paisaje-y-espacio-publico&quot;]}],&quot;post_status&quot;:[&quot;publish&quot;],&quot;posts_per_page&quot;:&quot;10&quot;},&quot;orderby_query_args&quot;:{&quot;orderby&quot;:{&quot;date&quot;:&quot;DESC&quot;}},&quot;type&quot;:&quot;grid&quot;,&quot;us_grid_post_type&quot;:&quot;us_portfolio&quot;,&quot;us_grid_ajax_index&quot;:1,&quot;us_grid_filter_params&quot;:[],&quot;us_grid_index&quot;:1,&quot;page_args&quot;:[]}}'><\/div>\r\n\t<\/div><section class=\"l-section wpb_row height_auto width_full\" id=\"contacto\"><div class=\"l-section-h i-cf\"><div class=\"g-cols vc_row via_grid cols_1 laptops-cols_inherit tablets-cols_inherit mobiles-cols_1 valign_top type_default stacking_default\"><div class=\"wpb_column vc_column_container\"><div class=\"vc_column-inner\"><div class=\"w-separator size_small with_line width_default thick_1 style_solid color_border align_center\"><div class=\"w-separator-h\"><\/div><\/div><h4 class=\"w-text us_custom_a5c88937\"><span class=\"w-text-h\"><span class=\"w-text-value\">PROYECTOS POR CATEGOR\u00cdA<\/span><\/span><\/h4><div class=\"uavc-list-icon uavc-list-icon-wrapper ult-adjust-bottom-margin   \"><ul class=\"uavc-list\"><li><div class=\"uavc-list-content\" id=\"list-icon-wrap-3807\">\n<div class=\"uavc-list-icon  \" data-animation=\"\" data-animation-delay=\"03\" style=\"margin-right:5px;\"><div class=\"ult-just-icon-wrapper  \"><div class=\"align-icon\" style=\"text-align:center;\">\n<div class=\"aio-icon none \"  style=\"color:#333333;font-size:15px;display:inline-block;\">\n\t<i class=\"Defaults-minus\"><\/i>\n<\/div><\/div><\/div>\n<\/div><span  data-ultimate-target='#list-icon-wrap-3807 .uavc-list-desc'  data-responsive-json-new='{\"font-size\":\"\",\"line-height\":\"\"}'  class=\"uavc-list-desc ult-responsive\" style=\"\"><a href=\"https:\/\/nachograf.mx\/index.php\/planeacion-y-diseno-urbano\/\">PLANEACI\u00d3N Y DISE\u00d1O URBANO<\/a><\/span><\/div><\/li><li><div class=\"uavc-list-content\" id=\"list-icon-wrap-2383\">\n<div class=\"uavc-list-icon  \" data-animation=\"\" data-animation-delay=\"03\" style=\"margin-right:5px;\"><div class=\"ult-just-icon-wrapper  \"><div class=\"align-icon\" style=\"text-align:center;\">\n<div class=\"aio-icon none \"  style=\"color:#333333;font-size:15px;display:inline-block;\">\n\t<i class=\"Defaults-minus\"><\/i>\n<\/div><\/div><\/div>\n<\/div><span  data-ultimate-target='#list-icon-wrap-2383 .uavc-list-desc'  data-responsive-json-new='{\"font-size\":\"\",\"line-height\":\"\"}'  class=\"uavc-list-desc ult-responsive\" style=\"\"><a href=\"https:\/\/nachograf.mx\/index.php\/diseno-de-paisaje-y-espacio-publico\/\">DISE\u00d1O DE PAISAJE Y ESPACIO P\u00daBLICO<\/a><\/span><\/div><\/li><li><div class=\"uavc-list-content\" id=\"list-icon-wrap-3147\">\n<div class=\"uavc-list-icon  \" data-animation=\"\" data-animation-delay=\"03\" style=\"margin-right:5px;\"><div class=\"ult-just-icon-wrapper  \"><div class=\"align-icon\" style=\"text-align:center;\">\n<div class=\"aio-icon none \"  style=\"color:#333333;font-size:15px;display:inline-block;\">\n\t<i class=\"Defaults-minus\"><\/i>\n<\/div><\/div><\/div>\n<\/div><span  data-ultimate-target='#list-icon-wrap-3147 .uavc-list-desc'  data-responsive-json-new='{\"font-size\":\"\",\"line-height\":\"\"}'  class=\"uavc-list-desc ult-responsive\" style=\"\"><a href=\"https:\/\/nachograf.mx\/index.php\/infraestructura-y-equipamiento-social\/\">INFRAESTRUCTURA Y EQUIPAMIENTO SOCIAL<\/a><\/span><\/div><\/li><li><div class=\"uavc-list-content\" id=\"list-icon-wrap-8139\">\n<div class=\"uavc-list-icon  \" data-animation=\"\" data-animation-delay=\"03\" style=\"margin-right:5px;\"><div class=\"ult-just-icon-wrapper  \"><div class=\"align-icon\" style=\"text-align:center;\">\n<div class=\"aio-icon none \"  style=\"color:#333333;font-size:15px;display:inline-block;\">\n\t<i class=\"Defaults-minus\"><\/i>\n<\/div><\/div><\/div>\n<\/div><span  data-ultimate-target='#list-icon-wrap-8139 .uavc-list-desc'  data-responsive-json-new='{\"font-size\":\"\",\"line-height\":\"\"}'  class=\"uavc-list-desc ult-responsive\" style=\"\"><a href=\"https:\/\/nachograf.mx\/index.php\/diseno-arquitectonico-y-vivienda\/\">VIVIENDA<\/a><\/span><\/div><\/li><\/ul><\/div><div class=\"w-separator size_small with_line width_default thick_1 style_solid color_border align_center\"><div class=\"w-separator-h\"><\/div><\/div><h4 class=\"w-text\"><span class=\"w-text-h\"><span class=\"w-text-value\">CONTACTO<\/span><\/span><\/h4><div class=\"wpb_text_column\"><div class=\"wpb_wrapper\"><p>A la orden para conocer los detalles de tu proyecto. Platiquemos:<\/p>\n<\/div><\/div><div class=\"w-separator size_small\"><\/div><div class=\"uavc-list-icon uavc-list-icon-wrapper ult-adjust-bottom-margin   \"><ul class=\"uavc-list\"><li><div class=\"uavc-list-content\" id=\"list-icon-wrap-2657\">\n<div class=\"uavc-list-icon  \" data-animation=\"\" data-animation-delay=\"03\" style=\"margin-right:20px;\"><div class=\"ult-just-icon-wrapper  \"><div class=\"align-icon\" style=\"text-align:center;\">\n<div class=\"aio-icon none \"  style=\"color:#333333;font-size:20px;display:inline-block;\">\n\t<i class=\"Defaults-envelope-o\"><\/i>\n<\/div><\/div><\/div>\n<\/div><span  data-ultimate-target='#list-icon-wrap-2657 .uavc-list-desc'  data-responsive-json-new='{\"font-size\":\"\",\"line-height\":\"\"}'  class=\"uavc-list-desc ult-responsive\" style=\"\"><a href=\"mailto:contacto@nachograf.mx\">contacto@nachograf.mx<\/a><\/span><\/div><\/li><li><div class=\"uavc-list-content\" id=\"list-icon-wrap-4543\">\n<div class=\"uavc-list-icon  \" data-animation=\"\" data-animation-delay=\"03\" style=\"margin-right:20px;\"><div class=\"ult-just-icon-wrapper  \"><div class=\"align-icon\" style=\"text-align:center;\">\n<div class=\"aio-icon none \"  style=\"color:#333333;font-size:20px;display:inline-block;\">\n\t<i class=\"Defaults-whatsapp\"><\/i>\n<\/div><\/div><\/div>\n<\/div><span  data-ultimate-target='#list-icon-wrap-4543 .uavc-list-desc'  data-responsive-json-new='{\"font-size\":\"\",\"line-height\":\"\"}'  class=\"uavc-list-desc ult-responsive\" style=\"\">+52 55 2775 8560<\/span><\/div><\/li><\/ul><\/div><\/div><\/div><\/div><\/div><\/section>\n<\/div><\/div><\/div><\/div><\/section><section class=\"l-section wpb_row height_medium\"><div class=\"l-section-h i-cf\"><div class=\"g-cols vc_row via_grid cols_1 laptops-cols_inherit tablets-cols_inherit mobiles-cols_1 valign_top type_default stacking_default\"><div class=\"wpb_column vc_column_container\"><div class=\"vc_column-inner\"><\/div><\/div><\/div><\/div><\/section>\n","protected":false},"excerpt":{"rendered":"Regresar a proyectosDISE\u00d1O DE PAISAJE Y ESPACIO P\u00daBLICO.LAS POZASRenovaci\u00f3n de instalaciones deficientes, en el marco del Plan de Justicia para los pueblos de Acasico, Palmarejo y Temacapul\u00edn, en Jalisco. \u2022Coordinaci\u00f3n del proceso entre CONAGUA y SEDATU, para definir la Zona Federal determinada por el proyecto de la presa el Zapotillo. \u2022Proceso participativo con la comunidad,...","protected":false},"author":1,"featured_media":143,"parent":0,"menu_order":0,"comment_status":"closed","ping_status":"closed","template":"","meta":{"om_disable_all_campaigns":false,"_monsterinsights_skip_tracking":false,"_monsterinsights_sitenote_active":false,"_monsterinsights_sitenote_note":"","_monsterinsights_sitenote_category":0,"footnotes":""},"class_list":["post-197","page","type-page","status-publish","has-post-thumbnail","hentry"],"_links":{"self":[{"href":"https:\/\/nachograf.mx\/index.php\/wp-json\/wp\/v2\/pages\/197","targetHints":{"allow":["GET"]}}],"collection":[{"href":"https:\/\/nachograf.mx\/index.php\/wp-json\/wp\/v2\/pages"}],"about":[{"href":"https:\/\/nachograf.mx\/index.php\/wp-json\/wp\/v2\/types\/page"}],"author":[{"embeddable":true,"href":"https:\/\/nachograf.mx\/index.php\/wp-json\/wp\/v2\/users\/1"}],"replies":[{"embeddable":true,"href":"https:\/\/nachograf.mx\/index.php\/wp-json\/wp\/v2\/comments?post=197"}],"version-history":[{"count":6,"href":"https:\/\/nachograf.mx\/index.php\/wp-json\/wp\/v2\/pages\/197\/revisions"}],"predecessor-version":[{"id":631,"href":"https:\/\/nachograf.mx\/index.php\/wp-json\/wp\/v2\/pages\/197\/revisions\/631"}],"wp:featuredmedia":[{"embeddable":true,"href":"https:\/\/nachograf.mx\/index.php\/wp-json\/wp\/v2\/media\/143"}],"wp:attachment":[{"href":"https:\/\/nachograf.mx\/index.php\/wp-json\/wp\/v2\/media?parent=197"}],"curies":[{"name":"wp","href":"https:\/\/api.w.org\/{rel}","templated":true}]}}