{"id":201,"date":"2024-05-16T20:09:38","date_gmt":"2024-05-16T20:09:38","guid":{"rendered":"https:\/\/nachograf.mx\/?page_id=201"},"modified":"2024-07-25T16:24:41","modified_gmt":"2024-07-25T16:24:41","slug":"diseno-arquitectonico-y-vivienda","status":"publish","type":"page","link":"https:\/\/nachograf.mx\/index.php\/diseno-arquitectonico-y-vivienda\/","title":{"rendered":"VIVIENDA"},"content":{"rendered":"<section class=\"l-section wpb_row height_medium\"><div class=\"l-section-h i-cf\"><div class=\"g-cols vc_row via_grid cols_1 laptops-cols_inherit tablets-cols_inherit mobiles-cols_1 valign_top type_default stacking_default\"><div class=\"wpb_column vc_column_container\"><div class=\"vc_column-inner\"><h2 class=\"w-text\"><span class=\"w-text-h\"><span class=\"w-text-value\">VIVIENDA<\/span><\/span><\/h2><div class=\"wpb_text_column\"><div class=\"wpb_wrapper\"><p style=\"font-weight: 400;\">Aunque significa quiz\u00e1 la tipolog\u00eda que m\u00e1s favorece el desarrollo del oficio arquitect\u00f3nico, la vivienda sigue siendo tambi\u00e9n el mayor de los retos para demostrar el dominio de ese quehacer.<\/p>\n<p style=\"font-weight: 400;\">Un oficio que re\u00fana la asertividad en la repuesta a las necesidades planteadas, en un conjunto arm\u00f3nico y bello; que adem\u00e1s se realice con la eficiencia de la distribuci\u00f3n y proporci\u00f3n de los espacios, uso de sistemas constructivos y materiales adecuados, en el tiempo y costo considerado de origen, no es simple.<\/p>\n<p style=\"font-weight: 400;\">Quien comprende y responde apropiadamente a las diferentes escalas (tama\u00f1o individual y\/o agrupaci\u00f3n), promoventes (p\u00fablico o privado), y recursos financieros (vivienda social o residencia), con la misma calidad de dise\u00f1o, domina el oficio y quehacer arquitect\u00f3nico de la vivienda y cualquier otra tipolog\u00eda.<\/p>\n<\/div><\/div><div class=\"w-separator size_medium with_line width_default thick_1 style_solid color_border align_center\"><div class=\"w-separator-h\"><\/div><\/div><div class=\"w-grid type_grid layout_blog_1 cols_3\" id=\"us_grid_1\" style=\"--gap:1.5rem;\" data-filterable=\"true\"><style>@media (max-width:1024px){#us_grid_1 .w-grid-item{width:50%}}@media (max-width:600px){#us_grid_1 .w-grid-list{margin:0}#us_grid_1 .w-grid-item{width:100%;padding:0;margin-bottom:var(--gap,0px)}}.layout_blog_1 .w-grid-item-h{}.layout_blog_1 .usg_post_image_1{margin-bottom:0.5rem!important}.layout_blog_1 .usg_post_title_1{font-size:1rem!important}<\/style><div class=\"w-grid-list\">\t<article class=\"w-grid-item size_1x1 post-476 us_portfolio type-us_portfolio status-publish has-post-thumbnail hentry us_portfolio_category-diseno-arquitectonico-y-vivienda\" data-id=\"476\">\r\n\t\t<div class=\"w-grid-item-h\">\r\n\t\t\t\t\t\t<div class=\"w-post-elm post_image usg_post_image_1 stretched\"><a href=\"https:\/\/nachograf.mx\/index.php\/portfolio\/cruz-verde\/\" aria-label=\"Cruz verde\"><img loading=\"lazy\" decoding=\"async\" width=\"400\" height=\"400\" src=\"https:\/\/nachograf.mx\/wp-content\/uploads\/2024\/07\/cruz_verde_03-400x400.jpg\" class=\"attachment-us_400_400_crop size-us_400_400_crop wp-post-image\" alt=\"\" srcset=\"https:\/\/nachograf.mx\/wp-content\/uploads\/2024\/07\/cruz_verde_03-400x400.jpg 400w, https:\/\/nachograf.mx\/wp-content\/uploads\/2024\/07\/cruz_verde_03-150x150.jpg 150w, https:\/\/nachograf.mx\/wp-content\/uploads\/2024\/07\/cruz_verde_03-600x600.jpg 600w\" sizes=\"auto, (max-width: 400px) 100vw, 400px\" \/><\/a><\/div><h2 class=\"w-post-elm post_title usg_post_title_1 entry-title color_link_inherit\"><a href=\"https:\/\/nachograf.mx\/index.php\/portfolio\/cruz-verde\/\">Cruz verde<\/a><\/h2>\t\t<\/div>\r\n\t\t\t<\/article>\r\n\t<article class=\"w-grid-item size_1x1 post-549 us_portfolio type-us_portfolio status-publish has-post-thumbnail hentry us_portfolio_category-diseno-arquitectonico-y-vivienda\" data-id=\"549\">\r\n\t\t<div class=\"w-grid-item-h\">\r\n\t\t\t\t\t\t<div class=\"w-post-elm post_image usg_post_image_1 stretched\"><a href=\"https:\/\/nachograf.mx\/index.php\/portfolio\/la-casita-the-cottage\/\" aria-label=\"La Casita &#8211; The cottage\"><img loading=\"lazy\" decoding=\"async\" width=\"400\" height=\"400\" src=\"https:\/\/nachograf.mx\/wp-content\/uploads\/2024\/05\/LA_CASITA_05-400x400.webp\" class=\"attachment-us_400_400_crop size-us_400_400_crop wp-post-image\" alt=\"\" srcset=\"https:\/\/nachograf.mx\/wp-content\/uploads\/2024\/05\/LA_CASITA_05-400x400.webp 400w, https:\/\/nachograf.mx\/wp-content\/uploads\/2024\/05\/LA_CASITA_05-150x150.webp 150w, https:\/\/nachograf.mx\/wp-content\/uploads\/2024\/05\/LA_CASITA_05-600x600.webp 600w\" sizes=\"auto, (max-width: 400px) 100vw, 400px\" \/><\/a><\/div><h2 class=\"w-post-elm post_title usg_post_title_1 entry-title color_link_inherit\"><a href=\"https:\/\/nachograf.mx\/index.php\/portfolio\/la-casita-the-cottage\/\">La Casita &#8211; The cottage<\/a><\/h2>\t\t<\/div>\r\n\t\t\t<\/article>\r\n\t<article class=\"w-grid-item size_1x1 post-558 us_portfolio type-us_portfolio status-publish has-post-thumbnail hentry us_portfolio_category-diseno-arquitectonico-y-vivienda\" data-id=\"558\">\r\n\t\t<div class=\"w-grid-item-h\">\r\n\t\t\t\t\t\t<div class=\"w-post-elm post_image usg_post_image_1 stretched\"><a href=\"https:\/\/nachograf.mx\/index.php\/portfolio\/palomar-canduela\/\" aria-label=\"Palomar Canduela\"><img loading=\"lazy\" decoding=\"async\" width=\"400\" height=\"400\" src=\"https:\/\/nachograf.mx\/wp-content\/uploads\/2024\/07\/palomar_canduela_03-400x400.jpg\" class=\"attachment-us_400_400_crop size-us_400_400_crop wp-post-image\" alt=\"\" srcset=\"https:\/\/nachograf.mx\/wp-content\/uploads\/2024\/07\/palomar_canduela_03-400x400.jpg 400w, https:\/\/nachograf.mx\/wp-content\/uploads\/2024\/07\/palomar_canduela_03-150x150.jpg 150w, https:\/\/nachograf.mx\/wp-content\/uploads\/2024\/07\/palomar_canduela_03-600x600.jpg 600w\" sizes=\"auto, (max-width: 400px) 100vw, 400px\" \/><\/a><\/div><h2 class=\"w-post-elm post_title usg_post_title_1 entry-title color_link_inherit\"><a href=\"https:\/\/nachograf.mx\/index.php\/portfolio\/palomar-canduela\/\">Palomar Canduela<\/a><\/h2>\t\t<\/div>\r\n\t\t\t<\/article>\r\n\t<article class=\"w-grid-item size_1x1 post-567 us_portfolio type-us_portfolio status-publish has-post-thumbnail hentry us_portfolio_category-diseno-arquitectonico-y-vivienda\" data-id=\"567\">\r\n\t\t<div class=\"w-grid-item-h\">\r\n\t\t\t\t\t\t<div class=\"w-post-elm post_image usg_post_image_1 stretched\"><a href=\"https:\/\/nachograf.mx\/index.php\/portfolio\/el-roof\/\" aria-label=\"El roof\"><img loading=\"lazy\" decoding=\"async\" width=\"400\" height=\"400\" src=\"https:\/\/nachograf.mx\/wp-content\/uploads\/2024\/07\/el_roof_009-400x400.jpg\" class=\"attachment-us_400_400_crop size-us_400_400_crop wp-post-image\" alt=\"\" srcset=\"https:\/\/nachograf.mx\/wp-content\/uploads\/2024\/07\/el_roof_009-400x400.jpg 400w, https:\/\/nachograf.mx\/wp-content\/uploads\/2024\/07\/el_roof_009-150x150.jpg 150w, https:\/\/nachograf.mx\/wp-content\/uploads\/2024\/07\/el_roof_009-600x600.jpg 600w\" sizes=\"auto, (max-width: 400px) 100vw, 400px\" \/><\/a><\/div><h2 class=\"w-post-elm post_title usg_post_title_1 entry-title color_link_inherit\"><a href=\"https:\/\/nachograf.mx\/index.php\/portfolio\/el-roof\/\">El roof<\/a><\/h2>\t\t<\/div>\r\n\t\t\t<\/article>\r\n\t<article class=\"w-grid-item size_1x1 post-579 us_portfolio type-us_portfolio status-publish has-post-thumbnail hentry us_portfolio_category-diseno-arquitectonico-y-vivienda\" data-id=\"579\">\r\n\t\t<div class=\"w-grid-item-h\">\r\n\t\t\t\t\t\t<div class=\"w-post-elm post_image usg_post_image_1 stretched\"><a href=\"https:\/\/nachograf.mx\/index.php\/portfolio\/casa-saln\/\" aria-label=\"Casa SALN\"><img loading=\"lazy\" decoding=\"async\" width=\"400\" height=\"400\" src=\"https:\/\/nachograf.mx\/wp-content\/uploads\/2024\/07\/CASA_SALN_002-400x400.jpg\" class=\"attachment-us_400_400_crop size-us_400_400_crop wp-post-image\" alt=\"\" srcset=\"https:\/\/nachograf.mx\/wp-content\/uploads\/2024\/07\/CASA_SALN_002-400x400.jpg 400w, https:\/\/nachograf.mx\/wp-content\/uploads\/2024\/07\/CASA_SALN_002-150x150.jpg 150w, https:\/\/nachograf.mx\/wp-content\/uploads\/2024\/07\/CASA_SALN_002-600x600.jpg 600w\" sizes=\"auto, (max-width: 400px) 100vw, 400px\" \/><\/a><\/div><h2 class=\"w-post-elm post_title usg_post_title_1 entry-title color_link_inherit\"><a href=\"https:\/\/nachograf.mx\/index.php\/portfolio\/casa-saln\/\">Casa SALN<\/a><\/h2>\t\t<\/div>\r\n\t\t\t<\/article>\r\n\t<article class=\"w-grid-item size_1x1 post-603 us_portfolio type-us_portfolio status-publish has-post-thumbnail hentry us_portfolio_category-diseno-arquitectonico-y-vivienda\" data-id=\"603\">\r\n\t\t<div class=\"w-grid-item-h\">\r\n\t\t\t\t\t\t<div class=\"w-post-elm post_image usg_post_image_1 stretched\"><a href=\"https:\/\/nachograf.mx\/index.php\/portfolio\/el-bunker\/\" aria-label=\"EL B\u00daNKER\"><img loading=\"lazy\" decoding=\"async\" width=\"400\" height=\"400\" src=\"https:\/\/nachograf.mx\/wp-content\/uploads\/2024\/07\/JAGUARES-1-400x400.webp\" class=\"attachment-us_400_400_crop size-us_400_400_crop wp-post-image\" alt=\"\" srcset=\"https:\/\/nachograf.mx\/wp-content\/uploads\/2024\/07\/JAGUARES-1-400x400.webp 400w, https:\/\/nachograf.mx\/wp-content\/uploads\/2024\/07\/JAGUARES-1-150x150.webp 150w, https:\/\/nachograf.mx\/wp-content\/uploads\/2024\/07\/JAGUARES-1-600x600.webp 600w\" sizes=\"auto, (max-width: 400px) 100vw, 400px\" \/><\/a><\/div><h2 class=\"w-post-elm post_title usg_post_title_1 entry-title color_link_inherit\"><a href=\"https:\/\/nachograf.mx\/index.php\/portfolio\/el-bunker\/\">EL B\u00daNKER<\/a><\/h2>\t\t<\/div>\r\n\t\t\t<\/article>\r\n\t<article class=\"w-grid-item size_1x1 post-611 us_portfolio type-us_portfolio status-publish has-post-thumbnail hentry us_portfolio_category-diseno-arquitectonico-y-vivienda\" data-id=\"611\">\r\n\t\t<div class=\"w-grid-item-h\">\r\n\t\t\t\t\t\t<div class=\"w-post-elm post_image usg_post_image_1 stretched\"><a href=\"https:\/\/nachograf.mx\/index.php\/portfolio\/bodega-calamanda\/\" aria-label=\"BODEGA CALAMANDA\"><img loading=\"lazy\" decoding=\"async\" width=\"400\" height=\"400\" src=\"https:\/\/nachograf.mx\/wp-content\/uploads\/2024\/07\/BODEGA_IMG_04-400x400.webp\" class=\"attachment-us_400_400_crop size-us_400_400_crop wp-post-image\" alt=\"\" srcset=\"https:\/\/nachograf.mx\/wp-content\/uploads\/2024\/07\/BODEGA_IMG_04-400x400.webp 400w, https:\/\/nachograf.mx\/wp-content\/uploads\/2024\/07\/BODEGA_IMG_04-150x150.webp 150w, https:\/\/nachograf.mx\/wp-content\/uploads\/2024\/07\/BODEGA_IMG_04-600x600.webp 600w\" sizes=\"auto, (max-width: 400px) 100vw, 400px\" \/><\/a><\/div><h2 class=\"w-post-elm post_title usg_post_title_1 entry-title color_link_inherit\"><a href=\"https:\/\/nachograf.mx\/index.php\/portfolio\/bodega-calamanda\/\">BODEGA CALAMANDA<\/a><\/h2>\t\t<\/div>\r\n\t\t\t<\/article>\r\n<\/div><div class=\"w-grid-preloader\">\t<div class=\"g-preloader type_1\">\r\n\t\t<div><\/div>\r\n\t<\/div>\r\n\t<\/div>\t<div class=\"w-grid-json hidden\" onclick='return {&quot;action&quot;:&quot;us_ajax_grid&quot;,&quot;infinite_scroll&quot;:0,&quot;max_num_pages&quot;:1,&quot;pagination&quot;:&quot;none&quot;,&quot;template_vars&quot;:{&quot;columns&quot;:&quot;3&quot;,&quot;exclude_items&quot;:&quot;none&quot;,&quot;img_size&quot;:&quot;us_400_400_crop&quot;,&quot;ignore_items_size&quot;:0,&quot;items_layout&quot;:&quot;blog_1&quot;,&quot;items_offset&quot;:&quot;1&quot;,&quot;load_animation&quot;:&quot;none&quot;,&quot;overriding_link&quot;:&quot;%7B%22url%22%3A%22%22%7D&quot;,&quot;post_id&quot;:0,&quot;query_args&quot;:{&quot;post_type&quot;:[&quot;us_portfolio&quot;],&quot;tax_query&quot;:[{&quot;taxonomy&quot;:&quot;us_portfolio_category&quot;,&quot;field&quot;:&quot;slug&quot;,&quot;terms&quot;:[&quot;diseno-arquitectonico-y-vivienda&quot;]}],&quot;post_status&quot;:[&quot;publish&quot;],&quot;posts_per_page&quot;:&quot;10&quot;},&quot;orderby_query_args&quot;:{&quot;orderby&quot;:{&quot;date&quot;:&quot;ASC&quot;}},&quot;type&quot;:&quot;grid&quot;,&quot;us_grid_post_type&quot;:&quot;us_portfolio&quot;,&quot;us_grid_ajax_index&quot;:1,&quot;us_grid_filter_params&quot;:[],&quot;us_grid_index&quot;:1,&quot;page_args&quot;:[]}}'><\/div>\r\n\t<\/div><section class=\"l-section wpb_row height_auto width_full\" id=\"contacto\"><div class=\"l-section-h i-cf\"><div class=\"g-cols vc_row via_grid cols_1 laptops-cols_inherit tablets-cols_inherit mobiles-cols_1 valign_top type_default stacking_default\"><div class=\"wpb_column vc_column_container\"><div class=\"vc_column-inner\"><div class=\"w-separator size_small with_line width_default thick_1 style_solid color_border align_center\"><div class=\"w-separator-h\"><\/div><\/div><h4 class=\"w-text us_custom_a5c88937\"><span class=\"w-text-h\"><span class=\"w-text-value\">PROYECTOS POR CATEGOR\u00cdA<\/span><\/span><\/h4><div class=\"uavc-list-icon uavc-list-icon-wrapper ult-adjust-bottom-margin   \"><ul class=\"uavc-list\"><li><div class=\"uavc-list-content\" id=\"list-icon-wrap-3730\">\n<div class=\"uavc-list-icon  \" data-animation=\"\" data-animation-delay=\"03\" style=\"margin-right:5px;\"><div class=\"ult-just-icon-wrapper  \"><div class=\"align-icon\" style=\"text-align:center;\">\n<div class=\"aio-icon none \"  style=\"color:#333333;font-size:15px;display:inline-block;\">\n\t<i class=\"Defaults-minus\"><\/i>\n<\/div><\/div><\/div>\n<\/div><span  data-ultimate-target='#list-icon-wrap-3730 .uavc-list-desc'  data-responsive-json-new='{\"font-size\":\"\",\"line-height\":\"\"}'  class=\"uavc-list-desc ult-responsive\" style=\"\"><a href=\"https:\/\/nachograf.mx\/index.php\/planeacion-y-diseno-urbano\/\">PLANEACI\u00d3N Y DISE\u00d1O URBANO<\/a><\/span><\/div><\/li><li><div class=\"uavc-list-content\" id=\"list-icon-wrap-8388\">\n<div class=\"uavc-list-icon  \" data-animation=\"\" data-animation-delay=\"03\" style=\"margin-right:5px;\"><div class=\"ult-just-icon-wrapper  \"><div class=\"align-icon\" style=\"text-align:center;\">\n<div class=\"aio-icon none \"  style=\"color:#333333;font-size:15px;display:inline-block;\">\n\t<i class=\"Defaults-minus\"><\/i>\n<\/div><\/div><\/div>\n<\/div><span  data-ultimate-target='#list-icon-wrap-8388 .uavc-list-desc'  data-responsive-json-new='{\"font-size\":\"\",\"line-height\":\"\"}'  class=\"uavc-list-desc ult-responsive\" style=\"\"><a href=\"https:\/\/nachograf.mx\/index.php\/diseno-de-paisaje-y-espacio-publico\/\">DISE\u00d1O DE PAISAJE Y ESPACIO P\u00daBLICO<\/a><\/span><\/div><\/li><li><div class=\"uavc-list-content\" id=\"list-icon-wrap-5159\">\n<div class=\"uavc-list-icon  \" data-animation=\"\" data-animation-delay=\"03\" style=\"margin-right:5px;\"><div class=\"ult-just-icon-wrapper  \"><div class=\"align-icon\" style=\"text-align:center;\">\n<div class=\"aio-icon none \"  style=\"color:#333333;font-size:15px;display:inline-block;\">\n\t<i class=\"Defaults-minus\"><\/i>\n<\/div><\/div><\/div>\n<\/div><span  data-ultimate-target='#list-icon-wrap-5159 .uavc-list-desc'  data-responsive-json-new='{\"font-size\":\"\",\"line-height\":\"\"}'  class=\"uavc-list-desc ult-responsive\" style=\"\"><a href=\"https:\/\/nachograf.mx\/index.php\/infraestructura-y-equipamiento-social\/\">INFRAESTRUCTURA Y EQUIPAMIENTO SOCIAL<\/a><\/span><\/div><\/li><li><div class=\"uavc-list-content\" id=\"list-icon-wrap-7726\">\n<div class=\"uavc-list-icon  \" data-animation=\"\" data-animation-delay=\"03\" style=\"margin-right:5px;\"><div class=\"ult-just-icon-wrapper  \"><div class=\"align-icon\" style=\"text-align:center;\">\n<div class=\"aio-icon none \"  style=\"color:#333333;font-size:15px;display:inline-block;\">\n\t<i class=\"Defaults-minus\"><\/i>\n<\/div><\/div><\/div>\n<\/div><span  data-ultimate-target='#list-icon-wrap-7726 .uavc-list-desc'  data-responsive-json-new='{\"font-size\":\"\",\"line-height\":\"\"}'  class=\"uavc-list-desc ult-responsive\" style=\"\"><a href=\"https:\/\/nachograf.mx\/index.php\/diseno-arquitectonico-y-vivienda\/\">VIVIENDA<\/a><\/span><\/div><\/li><\/ul><\/div><div class=\"w-separator size_small with_line width_default thick_1 style_solid color_border align_center\"><div class=\"w-separator-h\"><\/div><\/div><h4 class=\"w-text\"><span class=\"w-text-h\"><span class=\"w-text-value\">CONTACTO<\/span><\/span><\/h4><div class=\"wpb_text_column\"><div class=\"wpb_wrapper\"><p>A la orden para conocer los detalles de tu proyecto. Platiquemos:<\/p>\n<\/div><\/div><div class=\"w-separator size_small\"><\/div><div class=\"uavc-list-icon uavc-list-icon-wrapper ult-adjust-bottom-margin   \"><ul class=\"uavc-list\"><li><div class=\"uavc-list-content\" id=\"list-icon-wrap-3992\">\n<div class=\"uavc-list-icon  \" data-animation=\"\" data-animation-delay=\"03\" style=\"margin-right:20px;\"><div class=\"ult-just-icon-wrapper  \"><div class=\"align-icon\" style=\"text-align:center;\">\n<div class=\"aio-icon none \"  style=\"color:#333333;font-size:20px;display:inline-block;\">\n\t<i class=\"Defaults-envelope-o\"><\/i>\n<\/div><\/div><\/div>\n<\/div><span  data-ultimate-target='#list-icon-wrap-3992 .uavc-list-desc'  data-responsive-json-new='{\"font-size\":\"\",\"line-height\":\"\"}'  class=\"uavc-list-desc ult-responsive\" style=\"\"><a href=\"mailto:contacto@nachograf.mx\">contacto@nachograf.mx<\/a><\/span><\/div><\/li><li><div class=\"uavc-list-content\" id=\"list-icon-wrap-9884\">\n<div class=\"uavc-list-icon  \" data-animation=\"\" data-animation-delay=\"03\" style=\"margin-right:20px;\"><div class=\"ult-just-icon-wrapper  \"><div class=\"align-icon\" style=\"text-align:center;\">\n<div class=\"aio-icon none \"  style=\"color:#333333;font-size:20px;display:inline-block;\">\n\t<i class=\"Defaults-whatsapp\"><\/i>\n<\/div><\/div><\/div>\n<\/div><span  data-ultimate-target='#list-icon-wrap-9884 .uavc-list-desc'  data-responsive-json-new='{\"font-size\":\"\",\"line-height\":\"\"}'  class=\"uavc-list-desc ult-responsive\" style=\"\">+52 55 2775 8560<\/span><\/div><\/li><\/ul><\/div><\/div><\/div><\/div><\/div><\/section>\n<\/div><\/div><\/div><\/div><\/section>\n","protected":false},"excerpt":{"rendered":"Regresar a proyectosVIVIENDABODEGA CALAMANDA Aunque no clasifica como la tipolog\u00eda de vivienda, s\u00ed en el rubro del dise\u00f1o arquitect\u00f3nico, por el propio proceso de dise\u00f1o y el ejercicio proyectual que se expone. Las instalaciones de una bodega localizada en un desarrollo insipiente, pero con gran proyecci\u00f3n de crecimiento industrial del Municipio de El Marqu\u00e9s (junto...","protected":false},"author":1,"featured_media":651,"parent":0,"menu_order":0,"comment_status":"closed","ping_status":"closed","template":"","meta":{"om_disable_all_campaigns":false,"_monsterinsights_skip_tracking":false,"_monsterinsights_sitenote_active":false,"_monsterinsights_sitenote_note":"","_monsterinsights_sitenote_category":0,"footnotes":""},"class_list":["post-201","page","type-page","status-publish","has-post-thumbnail","hentry"],"_links":{"self":[{"href":"https:\/\/nachograf.mx\/index.php\/wp-json\/wp\/v2\/pages\/201","targetHints":{"allow":["GET"]}}],"collection":[{"href":"https:\/\/nachograf.mx\/index.php\/wp-json\/wp\/v2\/pages"}],"about":[{"href":"https:\/\/nachograf.mx\/index.php\/wp-json\/wp\/v2\/types\/page"}],"author":[{"embeddable":true,"href":"https:\/\/nachograf.mx\/index.php\/wp-json\/wp\/v2\/users\/1"}],"replies":[{"embeddable":true,"href":"https:\/\/nachograf.mx\/index.php\/wp-json\/wp\/v2\/comments?post=201"}],"version-history":[{"count":10,"href":"https:\/\/nachograf.mx\/index.php\/wp-json\/wp\/v2\/pages\/201\/revisions"}],"predecessor-version":[{"id":695,"href":"https:\/\/nachograf.mx\/index.php\/wp-json\/wp\/v2\/pages\/201\/revisions\/695"}],"wp:featuredmedia":[{"embeddable":true,"href":"https:\/\/nachograf.mx\/index.php\/wp-json\/wp\/v2\/media\/651"}],"wp:attachment":[{"href":"https:\/\/nachograf.mx\/index.php\/wp-json\/wp\/v2\/media?parent=201"}],"curies":[{"name":"wp","href":"https:\/\/api.w.org\/{rel}","templated":true}]}}